{"version":"1.0","provider_name":"Reservofficeren","provider_url":"https:\/\/reservofficerarna.se\/reservofficeren","title":"Volvo ger sina reservare full l\u00f6neutfyllnad - Reservofficeren","type":"rich","width":600,"height":338,"html":"<blockquote class=\"wp-embedded-content\" data-secret=\"fpwjKuzG6v\"><a href=\"https:\/\/reservofficerarna.se\/reservofficeren\/nyheter\/volvo-ger-sina-reservare-full-loneutfyllnad\/\">Volvo ger sina reservare full l\u00f6neutfyllnad<\/a><\/blockquote><iframe sandbox=\"allow-scripts\" security=\"restricted\" src=\"https:\/\/reservofficerarna.se\/reservofficeren\/nyheter\/volvo-ger-sina-reservare-full-loneutfyllnad\/embed\/#?secret=fpwjKuzG6v\" width=\"600\" height=\"338\" title=\"\u201dVolvo ger sina reservare full l\u00f6neutfyllnad\u201d &ndash; Reservofficeren\" data-secret=\"fpwjKuzG6v\" frameborder=\"0\" marginwidth=\"0\" marginheight=\"0\" scrolling=\"no\" class=\"wp-embedded-content\"><\/iframe><script>\n\/*! This file is auto-generated *\/\n!function(d,l){\"use strict\";l.querySelector&&d.addEventListener&&\"undefined\"!=typeof URL&&(d.wp=d.wp||{},d.wp.receiveEmbedMessage||(d.wp.receiveEmbedMessage=function(e){var t=e.data;if((t||t.secret||t.message||t.value)&&!\/[^a-zA-Z0-9]\/.test(t.secret)){for(var s,r,n,a=l.querySelectorAll('iframe[data-secret=\"'+t.secret+'\"]'),o=l.querySelectorAll('blockquote[data-secret=\"'+t.secret+'\"]'),c=new RegExp(\"^https?:$\",\"i\"),i=0;i<o.length;i++)o[i].style.display=\"none\";for(i=0;i<a.length;i++)s=a[i],e.source===s.contentWindow&&(s.removeAttribute(\"style\"),\"height\"===t.message?(1e3<(r=parseInt(t.value,10))?r=1e3:~~r<200&&(r=200),s.height=r):\"link\"===t.message&&(r=new URL(s.getAttribute(\"src\")),n=new URL(t.value),c.test(n.protocol))&&n.host===r.host&&l.activeElement===s&&(d.top.location.href=t.value))}},d.addEventListener(\"message\",d.wp.receiveEmbedMessage,!1),l.addEventListener(\"DOMContentLoaded\",function(){for(var e,t,s=l.querySelectorAll(\"iframe.wp-embedded-content\"),r=0;r<s.length;r++)(t=(e=s[r]).getAttribute(\"data-secret\"))||(t=Math.random().toString(36).substring(2,12),e.src+=\"#?secret=\"+t,e.setAttribute(\"data-secret\",t)),e.contentWindow.postMessage({message:\"ready\",secret:t},\"*\")},!1)))}(window,document);\n\/\/# sourceURL=https:\/\/reservofficerarna.se\/reservofficeren\/wp-includes\/js\/wp-embed.min.js\n<\/script>\n","thumbnail_url":"https:\/\/reservofficerarna.se\/app\/uploads\/sites\/2\/2022\/06\/s-8.-svenungsson-scaled.jpg","thumbnail_width":2560,"thumbnail_height":1710,"description":"Nu fyller Sveriges st\u00f6rsta f\u00f6retag Volvo ut sina reservofficerares l\u00f6n \u2013 helt och utan tidsbegr\u00e4nsning. \u2013 Vi beh\u00f6ver alla goda krafter f\u00f6r att f\u00f6rsvara v\u00e5rt land. Vi som f\u00f6retag har en skyldighet att bidra till att f\u00f6rsvara m\u00e4nskliga r\u00e4ttigheter och demokrati, f\u00f6rklarar Andreas Svenungsson beslutet. Inte nog med att AB Volvo fr\u00e5n b\u00f6rjan av april &hellip;"}